{"id":17,"date":"2020-07-06T08:00:23","date_gmt":"2020-07-06T08:00:23","guid":{"rendered":"http:\/\/35.177.63.240\/?page_id=17"},"modified":"2024-08-16T12:46:14","modified_gmt":"2024-08-16T09:46:14","slug":"nayttelyt","status":"publish","type":"page","link":"https:\/\/kummitustalo.fi\/?page_id=17","title":{"rendered":"N\u00e4yttelyt"},"content":{"rendered":"\n<p><strong>2023 &#8211; Kummitustalon Death Metal &amp; Rock&#8217;n&#8217;Roll -kinkerit 29.7.2023<\/strong><\/p>\n\n\n\n<p>Illan aloitti Tuurin kovin Death Metal -jyr\u00e4 LIGMA ja p\u00e4\u00e4tti T\u00f6ys\u00e4n kovin rock&#8217;n&#8217;roll-b\u00e4ndi J.J. &amp; The Sideburns.<\/p>\n\n\n\n<p>Ainutlaatuinen tilaisuus kokea b\u00e4ndit eritt\u00e4in intiimiss\u00e4 ymp\u00e4rist\u00f6ss\u00e4.<\/p>\n\n\n\n<figure class=\"wp-block-image\"><img src=\"https:\/\/scontent.fqlf1-2.fna.fbcdn.net\/v\/t39.30808-6\/363395709_1255639011804850_2584222272110640465_n.jpg?_nc_cat=109&amp;ccb=1-7&amp;_nc_sid=127cfc&amp;_nc_ohc=hpoluQCy514Q7kNvgGLMC4m&amp;_nc_ht=scontent.fqlf1-2.fna&amp;oh=00_AYDDakX2H7P6mPnHekSb8Rk3To5gg06HtZjxqFnZCfFVQg&amp;oe=66C4F9D3\" alt=\"Kuvassa voi olla 3 henkil\u00f6\u00e4 ja kitara\"\/><figcaption>LIGMA<\/figcaption><\/figure>\n\n\n\n<figure class=\"wp-block-embed is-type-video is-provider-youtube wp-block-embed-youtube wp-embed-aspect-16-9 wp-has-aspect-ratio\"><div class=\"wp-block-embed__wrapper\">\n<div class=\"jetpack-video-wrapper\"><iframe loading=\"lazy\" title=\"J.J. &amp; The Sideburns @ Kummitustalon Death Metal &amp; Rock&#039;n&#039;Roll Kinkerit 2023\" width=\"700\" height=\"394\" src=\"https:\/\/www.youtube.com\/embed\/ZLnchh9Emss?feature=oembed\" frameborder=\"0\" allow=\"accelerometer; autoplay; clipboard-write; encrypted-media; gyroscope; picture-in-picture; web-share\" referrerpolicy=\"strict-origin-when-cross-origin\" allowfullscreen><\/iframe><\/div>\n<\/div><\/figure>\n\n\n\n<p><strong>2022 &#8211; Ensti &amp; Matti &#8211; Taiden\u00e4yttely Tuurissa &#8211; 6.-7.8.2022<\/strong><\/p>\n\n\n\n<p>KUMMITUSTALO ESITT\u00c4\u00c4<\/p>\n\n\n\n<p>ENSTI &amp; MATTI<br>\u00d6ljymaalaus- ja valokuvan\u00e4yttely<\/p>\n\n\n\n<p>ENSTI<\/p>\n\n\n\n<p>Vuonna 1958 syntynyt taiteilija-trubaduuri Aulis Uusi-Hakimo, taiteilijanimelt\u00e4\u00e4n Ensti, on kotoisin \u00c4ht\u00e4rist\u00e4, mutta h\u00e4n muutti Sein\u00e4joelle musiikin per\u00e4ss\u00e4 jo 16-vuotiaana. \u00d6ljyv\u00e4rit\u00f6iden maalaamisen Ensti aloitti vuonna 1978. Maalauksia oli esill\u00e4 useissa n\u00e4yttelyiss\u00e4 80-luvulla, mutta 90-luvun puoliv\u00e4liss\u00e4 h\u00e4n keskittyi t\u00e4ysin musiikkiin. Trubaduuri- ja b\u00e4ndikeikkoja onkin kertynyt \u00e4llistytt\u00e4v\u00e4sti jo yli 6 000 rummuissa, kitarassa ja kosketinsoittimen \u00e4\u00e4ress\u00e4.<\/p>\n\n\n\n<p>Koronan aiheuttaman keikkatauon aikana syttyi into maalata j\u00e4lleen ja tauluja on syntynyt paljon. Kummitustalon kes\u00e4n\u00e4yttely on yksi n\u00e4yttelyist\u00e4, joissa Enstin maalauksia voi t\u00e4n\u00e4 vuonna n\u00e4hd\u00e4.<\/p>\n\n\n\n<p>MATTI<\/p>\n\n\n\n<p>Matti Katajam\u00e4ki on alavutelainen musiikin ja kulttuurin monitoimimies, joka on ollut nuoresta i\u00e4st\u00e4\u00e4n huolimatta jo monessa mukana. H\u00e4n on toiminut monien eri b\u00e4ndien taustajoukoissa jo vuosia roudarina ja teknikkona mm. Klamydialle ja Lauri T\u00e4hk\u00e4lle. T\u00e4m\u00e4n kes\u00e4n h\u00e4n viett\u00e4\u00e4 Turmion k\u00e4til\u00f6iden keikkabusissa.<\/p>\n\n\n\n<p>Roudaushommia tehd\u00e4\u00e4n Katajam\u00e4en perheess\u00e4 jo toisessa polvessa ja n\u00e4iden t\u00f6iden ansiosta Matti on p\u00e4\u00e4ssyt kuvaamaan my\u00f6s sellaista, mit\u00e4 yleis\u00f6 ei yleens\u00e4 n\u00e4e. &#8221;Tien p\u00e4\u00e4ll\u00e4&#8221; -n\u00e4yttely koostuu b\u00e4ndikuvien lis\u00e4ksi my\u00f6s t\u00e4rkeiden taustajoukkojen, roudarien, miksaajien, kuskien ja teknikoiden muotokuvista.<\/p>\n\n\n\n<p>Matti toimii my\u00f6s nuorien parissa ja on perustamansa yhdistyksen kautta j\u00e4rjest\u00e4nyt ilmaista valokuvaus- ja musiikkikoulutusta sek\u00e4 tiloja ja laitteistoja Alavuden nuorille.<\/p>\n\n\n\n<p>TILAISUUTEEN ON VAPAA P\u00c4\u00c4SY, ILMAINEN KAHVITARJOILU<\/p>\n\n\n\n<p>Koska n\u00e4ytteilleasettajat ovat t\u00e4m\u00e4n luokan musiikkimiehi\u00e4, ei ole mik\u00e4\u00e4n ihme, jos n\u00e4yttelyp\u00e4ivien aikana n\u00e4hd\u00e4\u00e4n ja kuullaan my\u00f6s parivaljakon musiikkiesityksi\u00e4.<\/p>\n\n\n\n<p><a href=\"https:\/\/fb.me\/e\/2FGDylwDR\">https:\/\/fb.me\/e\/2FGDylwDR<\/a><a href=\"\"><\/a><\/p>\n\n\n\n<p><strong>2021 &#8211; Irwin-n\u00e4yttely Tuurissa &#8211; 7.-8.8.2021<\/strong><\/p>\n\n\n\n<p>Yksi T\u00f6ys\u00e4n, Alavuden, Etel\u00e4-Pohjanmaan, Suomen, Euroopan ja maailman kattavimmista Irwin-kokoelmista laskeutuu Tuurin Kummitustalolle elokuussa, kun Timo Rinta-Aho tuo kaikki herkkunsa esille.<\/p>\n\n\n\n<p>Nyt ei n\u00e4ht\u00e4v\u00e4 Irwin-henkisille lopu, n\u00e4ytille tulee mm. kaikki Irwinin julkaisut jokaisessa formaatissa. Esill\u00e4 on my\u00f6s mm. Ryysyrannan kauppakirja ja rakennuspiirustukset, joita ei l\u00f6ydy ehk\u00e4 mist\u00e4\u00e4n muualta maailmassa. On huippuharvinaista postikorttisingle\u00e4 70-luvulta ja purkkapakettikuvia, on julisteita ja nuottivihkoja, n\u00e4it\u00e4 ei pysty yhteen hengenvetoon luettelemaan. Lis\u00e4ksi loputtomasti tarinaa Irwinist\u00e4 ja muusta tarpeellisesta aikalaisilta. Ei olisi mik\u00e4\u00e4n ihme, vaikka ESP-taitoisimmat vieraat p\u00e4\u00e4sisiv\u00e4t jututtamaan itse mestaria.<\/p>\n\n\n\n<p>Alustavasti voin todeta, ett\u00e4 el\u00e4v\u00e4\u00e4 musiikkiakin teemaan liittyen saattaa hyvinkin olla luvassa kahden n\u00e4yttelyp\u00e4iv\u00e4n aikana.Lis\u00e4ksi festivaalin aikana tehd\u00e4\u00e4n eritt\u00e4in ep\u00e4virallinen Irwin-maraton-enn\u00e4tys, jossa kuunnellaan aika pitk\u00e4lti kaikki Irwinin biisit per\u00e4j\u00e4lkeen kahden p\u00e4iv\u00e4n aikana. Eli kuvitteellinen mahdollisuus p\u00e4\u00e4st\u00e4 kuvitteelliseen enn\u00e4tyskirjaan.<\/p>\n\n\n\n<p>Luonnollisesti vapaa p\u00e4\u00e4sy, kuten aina.<\/p>\n\n\n\n<p>Pysyk\u00e4\u00e4 kanavalla ja tilailkaa Kummitustalonkin sivu niin pysytte varmasti k\u00e4rryill\u00e4, sill\u00e4 tiedotus vain ryhdist\u00e4ytyy t\u00e4st\u00e4 eteenp\u00e4in.<\/p>\n\n\n\n<p>N\u00e4yttely on avoinna lauantaina klo 12-20 ja sunnuntaina klo 12-18. Tokihan t\u00e4m\u00e4n kaiken lopullinen toteutumismuoto riippuu t\u00e4ydellisesti koronan esitt\u00e4mist\u00e4 kysymyksist\u00e4.<\/p>\n\n\n\n<p><a href=\"https:\/\/www.facebook.com\/events\/kummitustalo\/irwin-n%C3%A4yttely-tuurissa\/235294827964619\/\">https:\/\/www.facebook.com\/events\/kummitustalo\/irwin-n%C3%A4yttely-tuurissa\/235294827964619\/<\/a><\/p>\n\n\n\n<figure class=\"wp-block-image size-large\"><img loading=\"lazy\" width=\"790\" height=\"1024\" src=\"https:\/\/kummitustalo.fi\/wp-content\/uploads\/2022\/03\/195498957_793442034691219_1125948364058117702_n-790x1024.jpg\" alt=\"\" class=\"wp-image-254\" srcset=\"https:\/\/kummitustalo.fi\/wp-content\/uploads\/2022\/03\/195498957_793442034691219_1125948364058117702_n-790x1024.jpg 790w, https:\/\/kummitustalo.fi\/wp-content\/uploads\/2022\/03\/195498957_793442034691219_1125948364058117702_n-232x300.jpg 232w, https:\/\/kummitustalo.fi\/wp-content\/uploads\/2022\/03\/195498957_793442034691219_1125948364058117702_n-768x995.jpg 768w, https:\/\/kummitustalo.fi\/wp-content\/uploads\/2022\/03\/195498957_793442034691219_1125948364058117702_n-1185x1536.jpg 1185w, https:\/\/kummitustalo.fi\/wp-content\/uploads\/2022\/03\/195498957_793442034691219_1125948364058117702_n-700x907.jpg 700w, https:\/\/kummitustalo.fi\/wp-content\/uploads\/2022\/03\/195498957_793442034691219_1125948364058117702_n-309x400.jpg 309w, https:\/\/kummitustalo.fi\/wp-content\/uploads\/2022\/03\/195498957_793442034691219_1125948364058117702_n.jpg 1389w\" sizes=\"(max-width: 790px) 100vw, 790px\" \/><\/figure>\n\n\n\n<p><strong>2020 \u2013 Entisten nuorten rokkib\u00e4ndien valokuvafestivaali \u2013 8.\u20139.8.2020<\/strong><\/p>\n\n\n\n<p>Tarjolla on p\u00e4\u00e4osin ennenn\u00e4kem\u00e4t\u00f6n kattaus Jari Eklundin ja Marko H\u00e4m\u00e4l\u00e4isen ottamia b\u00e4ndikuvia Alavuden l\u00e4hiseudun eritt\u00e4in aktiivisesta rock-el\u00e4m\u00e4st\u00e4 vuosilta 1990\u20132020.<\/p>\n\n\n\n<p>Jari Eklund toimi mm. Kolmannen Naisen, Pauli Hanhiniemen Perunateatterin ja Luunelosen roudarina ja my\u00f6s miksaajana useita vuosia sek\u00e4 Alavuden Rock-yhdistyksen virallisena valokuvaajana, joten h\u00e4n on p\u00e4\u00e4ssyt tallentamaan tilanteita, joihin tavalliset kuolevaiset eiv\u00e4t p\u00e4\u00e4se. Kuvat eiv\u00e4t ole pelkki\u00e4 ikuistettuja pieni\u00e4 hetki\u00e4, vaan niiden takana on uskomattomia tarinoita, osa uskottaviakin. Jari on j\u00e4rjest\u00e4nyt useita valokuvan\u00e4yttelyit\u00e4 ja opettanut valokuvausta vuosien ajan, lis\u00e4ksi h\u00e4nell\u00e4 on vuosikymmenien soittohistoria eri b\u00e4ndeiss\u00e4, joten perspektiivi\u00e4 ja n\u00e4k\u00f6kulmaa on joka suunnasta.<\/p>\n\n\n\n<p>Marko H\u00e4m\u00e4l\u00e4inen toimi tuurilaisen Hukkarock-festivaalin hovikuvaajana vuosina 2000\u20132004, lis\u00e4ksi h\u00e4nell\u00e4 on pitk\u00e4 soittohistoria b\u00e4ndeiss\u00e4 sek\u00e4 vankka kokemus erityisesti b\u00e4ndikuvaajana. Intohimoinen suhtautuminen musiikkiin ja tuhannet keikka- ja valokuvaustunnit n\u00e4kyv\u00e4t kuvissa. My\u00f6s Marko on ollut j\u00e4rjest\u00e4m\u00e4ss\u00e4 useita valokuvan\u00e4yttelyj\u00e4.<\/p>\n\n\n\n<figure class=\"wp-block-image size-full\"><img loading=\"lazy\" width=\"765\" height=\"765\" src=\"https:\/\/kummitustalo.fi\/wp-content\/uploads\/2020\/07\/2020-nayttely-juliste-web.jpg\" alt=\"\" class=\"wp-image-79\" srcset=\"https:\/\/kummitustalo.fi\/wp-content\/uploads\/2020\/07\/2020-nayttely-juliste-web.jpg 765w, https:\/\/kummitustalo.fi\/wp-content\/uploads\/2020\/07\/2020-nayttely-juliste-web-300x300.jpg 300w, https:\/\/kummitustalo.fi\/wp-content\/uploads\/2020\/07\/2020-nayttely-juliste-web-150x150.jpg 150w, https:\/\/kummitustalo.fi\/wp-content\/uploads\/2020\/07\/2020-nayttely-juliste-web-700x700.jpg 700w, https:\/\/kummitustalo.fi\/wp-content\/uploads\/2020\/07\/2020-nayttely-juliste-web-100x100.jpg 100w, https:\/\/kummitustalo.fi\/wp-content\/uploads\/2020\/07\/2020-nayttely-juliste-web-400x400.jpg 400w\" sizes=\"(max-width: 765px) 100vw, 765px\" \/><\/figure>\n\n\n\n<p><strong>2019 \u2013 Kari Koiviston rallivalokuvia 70-90-luvuilta, Kai Lavilan \u00f6ljyv\u00e4rimuotokuvia ja Elvia Lavilan Pullip-valokuvia.<\/strong><\/p>\n\n\n\n<figure class=\"wp-block-image size-large\"><img loading=\"lazy\" width=\"1024\" height=\"768\" src=\"http:\/\/3.9.50.79\/wp-content\/uploads\/2020\/07\/68425560_475897023212144_5362979281439817728_o-1024x768.jpg\" alt=\"\" class=\"wp-image-84\" srcset=\"https:\/\/kummitustalo.fi\/wp-content\/uploads\/2020\/07\/68425560_475897023212144_5362979281439817728_o-1024x768.jpg 1024w, https:\/\/kummitustalo.fi\/wp-content\/uploads\/2020\/07\/68425560_475897023212144_5362979281439817728_o-300x225.jpg 300w, https:\/\/kummitustalo.fi\/wp-content\/uploads\/2020\/07\/68425560_475897023212144_5362979281439817728_o-768x576.jpg 768w, https:\/\/kummitustalo.fi\/wp-content\/uploads\/2020\/07\/68425560_475897023212144_5362979281439817728_o-700x525.jpg 700w, https:\/\/kummitustalo.fi\/wp-content\/uploads\/2020\/07\/68425560_475897023212144_5362979281439817728_o-533x400.jpg 533w, https:\/\/kummitustalo.fi\/wp-content\/uploads\/2020\/07\/68425560_475897023212144_5362979281439817728_o.jpg 1280w\" sizes=\"(max-width: 1024px) 100vw, 1024px\" \/><figcaption>Jari-Matti Latvala, Kai Lavila ja Kari Koivisto Kummitustalon rallikuvan\u00e4yttelyss\u00e4 2019.<\/figcaption><\/figure>\n\n\n\n<p><strong>2018 \u2013 Kai Lavilan ja Heli Haaviston \u00f6ljyv\u00e4rit\u00f6it\u00e4<\/strong><\/p>\n\n\n\n<figure class=\"wp-block-image size-large\"><img loading=\"lazy\" width=\"696\" height=\"960\" src=\"https:\/\/kummitustalo.fi\/wp-content\/uploads\/2020\/07\/37161032_207874406581321_2411474195100729344_o.jpg\" alt=\"\" class=\"wp-image-195\" srcset=\"https:\/\/kummitustalo.fi\/wp-content\/uploads\/2020\/07\/37161032_207874406581321_2411474195100729344_o.jpg 696w, https:\/\/kummitustalo.fi\/wp-content\/uploads\/2020\/07\/37161032_207874406581321_2411474195100729344_o-218x300.jpg 218w, https:\/\/kummitustalo.fi\/wp-content\/uploads\/2020\/07\/37161032_207874406581321_2411474195100729344_o-290x400.jpg 290w\" sizes=\"(max-width: 696px) 100vw, 696px\" \/><\/figure>\n\n\n\n<figure class=\"wp-block-image size-large\"><img loading=\"lazy\" width=\"361\" height=\"960\" src=\"https:\/\/kummitustalo.fi\/wp-content\/uploads\/2020\/07\/37075196_207874376581324_2546287055244099584_o.jpg\" alt=\"\" class=\"wp-image-196\" srcset=\"https:\/\/kummitustalo.fi\/wp-content\/uploads\/2020\/07\/37075196_207874376581324_2546287055244099584_o.jpg 361w, https:\/\/kummitustalo.fi\/wp-content\/uploads\/2020\/07\/37075196_207874376581324_2546287055244099584_o-113x300.jpg 113w, https:\/\/kummitustalo.fi\/wp-content\/uploads\/2020\/07\/37075196_207874376581324_2546287055244099584_o-150x400.jpg 150w\" sizes=\"(max-width: 361px) 100vw, 361px\" \/><\/figure>\n","protected":false},"excerpt":{"rendered":"<p>2023 &#8211; Kummitustalon Death Metal &amp; Rock&#8217;n&#8217;Roll -kinkerit 29.7.2023 Illan aloitti Tuurin kovin Death Metal -jyr\u00e4 LIGMA ja p\u00e4\u00e4tti T\u00f6ys\u00e4n kovin rock&#8217;n&#8217;roll-b\u00e4ndi J.J. &amp; The Sideburns. Ainutlaatuinen tilaisuus kokea b\u00e4ndit eritt\u00e4in intiimiss\u00e4 ymp\u00e4rist\u00f6ss\u00e4. 2022 &#8211; Ensti &amp; Matti &#8211; Taiden\u00e4yttely Tuurissa &#8211; 6.-7.8.2022 KUMMITUSTALO ESITT\u00c4\u00c4 ENSTI &amp; MATTI\u00d6ljymaalaus- ja valokuvan\u00e4yttely ENSTI Vuonna 1958 syntynyt taiteilija-trubaduuri &hellip; <a href=\"https:\/\/kummitustalo.fi\/?page_id=17\" class=\"more-link\">Continue reading <span class=\"screen-reader-text\">N\u00e4yttelyt<\/span> <span class=\"meta-nav\">&rarr;<\/span><\/a><\/p>\n","protected":false},"author":1,"featured_media":0,"parent":0,"menu_order":0,"comment_status":"closed","ping_status":"closed","template":"","meta":{"ngg_post_thumbnail":0,"spay_email":""},"jetpack_sharing_enabled":true,"jetpack_likes_enabled":false,"_links":{"self":[{"href":"https:\/\/kummitustalo.fi\/index.php?rest_route=\/wp\/v2\/pages\/17"}],"collection":[{"href":"https:\/\/kummitustalo.fi\/index.php?rest_route=\/wp\/v2\/pages"}],"about":[{"href":"https:\/\/kummitustalo.fi\/index.php?rest_route=\/wp\/v2\/types\/page"}],"author":[{"embeddable":true,"href":"https:\/\/kummitustalo.fi\/index.php?rest_route=\/wp\/v2\/users\/1"}],"replies":[{"embeddable":true,"href":"https:\/\/kummitustalo.fi\/index.php?rest_route=%2Fwp%2Fv2%2Fcomments&post=17"}],"version-history":[{"count":17,"href":"https:\/\/kummitustalo.fi\/index.php?rest_route=\/wp\/v2\/pages\/17\/revisions"}],"predecessor-version":[{"id":292,"href":"https:\/\/kummitustalo.fi\/index.php?rest_route=\/wp\/v2\/pages\/17\/revisions\/292"}],"wp:attachment":[{"href":"https:\/\/kummitustalo.fi\/index.php?rest_route=%2Fwp%2Fv2%2Fmedia&parent=17"}],"curies":[{"name":"wp","href":"https:\/\/api.w.org\/{rel}","templated":true}]}}